{"id":34,"date":"2011-12-16T15:05:42","date_gmt":"2011-12-16T15:05:42","guid":{"rendered":"http:\/\/localhost\/wordpress\/?page_id=34"},"modified":"2013-05-23T11:20:46","modified_gmt":"2013-05-23T11:20:46","slug":"chi-siamo","status":"publish","type":"page","link":"https:\/\/accountabilityambiente.comune.re.it\/?page_id=34","title":{"rendered":"Chi siamo"},"content":{"rendered":"<h2><span style=\"color: #000080;\">Chi siamo<\/span><\/h2>\n<h6><span style=\"color: #ffffff;\">&#8211;<\/span><\/h6>\n<p>Nel 2004 all\u2019interno dell\u2019Associazione Nazionale delle Agende 21 Locali Italiane \u00e8 stato costituito un Gruppo di Lavoro per mettere in rete le conoscenze e le esperienze di contabilit\u00e0 ambientale negli enti locali e per promuovere l&#8217;adozione della contabilit\u00e0 ambientale.<\/p>\n<p>Il sito \u00e8 gestito dal Gruppo di lavoro &#8220;Facciamo i conti con l&#8217;ambiente&#8221;\u00a0 costituito all&#8217;interno dell&#8217;Associazione Coordinamento Ag 21 locali Italiane&#8221;\u00a0 e dal Comune di Reggio Emilia, in qualit\u00e0 di ente capofila del gruppo.<\/p>\n<p>In particolare collaborano\u00a0alla redazione del sito:<\/p>\n<p><span style=\"color: #000000;\"><strong>Susanna Ferrari<\/strong> &#8211; Comune di Reggio Emilia<br \/>\nResponsabile della segreteria tecnico-organizzativa del\u00a0Gruppo di Lavoro<br \/>\n<strong>Mauro Bigi\u00a0<\/strong>&#8211; Indica s.r.l, consulente ambientale<br \/>\n<\/span><span style=\"color: #000000;\"><strong>Ilaria Dibella<\/strong>, giornalista<br \/>\n<\/span><span style=\"color: #000000;\"><strong>Roberto Camatel<\/strong>, consulente\u00a0innovazione per la Pubblica Amministrazione<\/span><\/p>\n","protected":false},"excerpt":{"rendered":"<p>Chi siamo &#8211; Nel 2004 all\u2019interno dell\u2019Associazione Nazionale delle Agende 21 Locali Italiane \u00e8 stato costituito un Gruppo di Lavoro per mettere in rete le conoscenze e le esperienze di contabilit\u00e0 ambientale negli enti locali e per promuovere l&#8217;adozione della contabilit\u00e0 ambientale. Il sito \u00e8 gestito dal Gruppo di lavoro &#8220;Facciamo i conti con l&#8217;ambiente&#8221;\u00a0 &hellip; <a href=\"https:\/\/accountabilityambiente.comune.re.it\/?page_id=34\" class=\"more-link\">Continua la lettura di <span class=\"screen-reader-text\">Chi siamo<\/span> <span class=\"meta-nav\">&rarr;<\/span><\/a><\/p>\n","protected":false},"author":5,"featured_media":0,"parent":0,"menu_order":0,"comment_status":"closed","ping_status":"closed","template":"","meta":{"_monsterinsights_skip_tracking":false,"_monsterinsights_sitenote_active":false,"_monsterinsights_sitenote_note":"","_monsterinsights_sitenote_category":0,"footnotes":""},"class_list":["post-34","page","type-page","status-publish","hentry"],"_links":{"self":[{"href":"https:\/\/accountabilityambiente.comune.re.it\/index.php?rest_route=\/wp\/v2\/pages\/34","targetHints":{"allow":["GET"]}}],"collection":[{"href":"https:\/\/accountabilityambiente.comune.re.it\/index.php?rest_route=\/wp\/v2\/pages"}],"about":[{"href":"https:\/\/accountabilityambiente.comune.re.it\/index.php?rest_route=\/wp\/v2\/types\/page"}],"author":[{"embeddable":true,"href":"https:\/\/accountabilityambiente.comune.re.it\/index.php?rest_route=\/wp\/v2\/users\/5"}],"replies":[{"embeddable":true,"href":"https:\/\/accountabilityambiente.comune.re.it\/index.php?rest_route=%2Fwp%2Fv2%2Fcomments&post=34"}],"version-history":[{"count":1,"href":"https:\/\/accountabilityambiente.comune.re.it\/index.php?rest_route=\/wp\/v2\/pages\/34\/revisions"}],"predecessor-version":[{"id":1453,"href":"https:\/\/accountabilityambiente.comune.re.it\/index.php?rest_route=\/wp\/v2\/pages\/34\/revisions\/1453"}],"wp:attachment":[{"href":"https:\/\/accountabilityambiente.comune.re.it\/index.php?rest_route=%2Fwp%2Fv2%2Fmedia&parent=34"}],"curies":[{"name":"wp","href":"https:\/\/api.w.org\/{rel}","templated":true}]}}